{"id":3,"date":"2019-03-12T20:12:40","date_gmt":"2019-03-12T20:12:40","guid":{"rendered":"http:\/\/meine-heldenreisen-selbsterfahrung.de\/?page_id=3"},"modified":"2024-05-16T08:51:11","modified_gmt":"2024-05-16T08:51:11","slug":"privacy-policy","status":"publish","type":"page","link":"https:\/\/meine-heldenreisen-selbsterfahrung.de\/?page_id=3","title":{"rendered":"DATENSCHUTZERKL\u00c4RUNG"},"content":{"rendered":"<section  class='av_textblock_section av-jttthr4f-168349817685e3becec3edcac3fcc427'  itemscope=\"itemscope\" itemtype=\"https:\/\/schema.org\/CreativeWork\" ><div class='avia_textblock'  itemprop=\"text\" ><h3>Datenschutzerkl\u00e4rung<\/h3>\n<p>Ich freue mich \u00fcber Ihr Interesse an meiner Dienstleistung. Datenschutz hat einen hohen Stellenwert f\u00fcr mich. Eine Nutzung der Internetseiten ist grunds\u00e4tzlich ohne jede Angabe personenbezogener Daten m\u00f6glich. Sofern eine betroffene Person besondere Services meinerseits \u00fcber die Internetseite in Anspruch nehmen m\u00f6chte, k\u00f6nnte jedoch eine Verarbeitung personenbezogener Daten erforderlich werden. Ist die Verarbeitung personenbezogener Daten erforderlich und besteht f\u00fcr eine solche Verarbeitung keine gesetzliche Grundlage, hole ich generell eine Einwilligung der betroffenen Person ein.<\/p>\n<p>Die Verarbeitung personenbezogener Daten, beispielsweise des Namens, der Anschrift, E-Mail-Adresse oder Telefonnummer einer betroffenen Person, erfolgt stets im Einklang mit der Datenschutz-Grundverordnung und in \u00dcbereinstimmung mit den f\u00fcr mich geltenden landesspezifischen Datenschutzbestimmungen. Mittels dieser Datenschutzerkl\u00e4rung m\u00f6chte ich die \u00d6ffentlichkeit \u00fcber Art, Umfang und Zweck der von mir erhobenen, genutzten und verarbeiteten personenbezogenen Daten informieren. Ferner werden betroffene Personen mittels dieser Datenschutzerkl\u00e4rung \u00fcber die ihnen zustehenden Rechte aufgekl\u00e4rt.<\/p>\n<p>Ich habe zahlreiche technische und organisatorische Ma\u00dfnahmen umgesetzt, um einen m\u00f6glichst l\u00fcckenlosen Schutz der \u00fcber diese Internetseite verarbeiteten personenbezogenen Daten sicherzustellen. Dennoch k\u00f6nnen Internetbasierte Daten\u00fcbertragungen grunds\u00e4tzlich Sicherheitsl\u00fccken aufweisen, sodass ein absoluter Schutz nicht gew\u00e4hrleistet werden kann. Aus diesem Grund steht es jeder betroffenen Person frei, personenbezogene Daten auch auf alternativen Wegen, beispielsweise telefonisch, an mich zu \u00fcbermitteln.<\/p>\n<ol class=\"wp-block-list\">\n<li><strong>Begriffsbestimmungen<\/strong><\/li>\n<\/ol>\n<p>Diese Datenschutzerkl\u00e4rung beruht auf den Begrifflichkeiten, die durch den Europ\u00e4ischen Richtlinien- und Verordnungsgeber beim Erlass der Datenschutz-Grundverordnung (DS-GVO) verwendet wurden. Meine Datenschutzerkl\u00e4rung soll sowohl f\u00fcr die \u00d6ffentlichkeit als auch f\u00fcr meine Kunden und Gesch\u00e4ftspartner einfach lesbar und verst\u00e4ndlich sein. Um dies zu gew\u00e4hrleisten, m\u00f6chte ich vorab die verwendeten Begrifflichkeiten erl\u00e4utern. Ich verwende in dieser Datenschutzerkl\u00e4rung unter anderem die folgenden Begriffe:<\/p>\n<p>a) personenbezogene Daten<br \/>\nPersonenbezogene Daten sind alle Informationen, die sich auf eine identifizierte oder identifizierbare nat\u00fcrliche Person (im Folgenden \u201ebetroffene Person\u201c) beziehen. Als identifizierbar wird eine nat\u00fcrliche Person angesehen, die direkt oder indirekt, insbesondere mittels Zuordnung zu einer Kennung wie einem Namen, zu einer Kennnummer, zu Standortdaten, zu einer Online-Kennung oder zu einem oder mehreren besonderen Merkmalen, die Ausdruck der physischen, physiologischen, genetischen, psychischen, wirtschaftlichen, kulturellen oder sozialen Identit\u00e4t dieser nat\u00fcrlichen Person sind, identifiziert werden kann.<\/p>\n<p>b) betroffene Person<br \/>\nBetroffene Person ist jede identifizierte oder identifizierbare nat\u00fcrliche Person, deren personenbezogene Daten von dem f\u00fcr die Verarbeitung Verantwortlichen verarbeitet werden.<\/p>\n<p>c) Verarbeitung<br \/>\nVerarbeitung ist jeder mit oder ohne Hilfe automatisierter Verfahren ausgef\u00fchrte Vorgang oder jede solche Vorgangsreihe im Zusammenhang mit personenbezogenen Daten wie das Erheben, das Erfassen, die Organisation, das Ordnen, die Speicherung, die Anpassung oder Ver\u00e4nderung, das Auslesen, das Abfragen, die Verwendung, die Offenlegung durch \u00dcbermittlung, Verbreitung oder eine andere Form der Bereitstellung, den Abgleich oder die Verkn\u00fcpfung, die Einschr\u00e4nkung, das L\u00f6schen oder die Vernichtung.<\/p>\n<p>d) Einschr\u00e4nkung der Verarbeitung<br \/>\nEinschr\u00e4nkung der Verarbeitung ist die Markierung gespeicherter personenbezogener Daten mit dem Ziel, ihre k\u00fcnftige Verarbeitung einzuschr\u00e4nken.<\/p>\n<p>e) Profiling<br \/>\nProfiling ist jede Art der automatisierten Verarbeitung personenbezogener Daten, die darin besteht, dass diese personenbezogenen Daten verwendet werden, um bestimmte pers\u00f6nliche Aspekte, die sich auf eine nat\u00fcrliche Person beziehen, zu bewerten, insbesondere, um Aspekte bez\u00fcglich Arbeitsleistung, wirtschaftlicher Lage, Gesundheit, pers\u00f6nlicher Vorlieben, Interessen, Zuverl\u00e4ssigkeit, Verhalten, Aufenthaltsort oder Ortswechsel dieser nat\u00fcrlichen Person zu analysieren oder vorherzusagen.<\/p>\n<p>f) Pseudonymisierung<br \/>\nPseudonymisierung ist die Verarbeitung personenbezogener Daten in einer Weise, auf welche die personenbezogenen Daten ohne Hinzuziehung zus\u00e4tzlicher Informationen nicht mehr einer spezifischen betroffenen Person zugeordnet werden k\u00f6nnen, sofern diese zus\u00e4tzlichen Informationen gesondert aufbewahrt werden und technischen und organisatorischen Ma\u00dfnahmen unterliegen, die gew\u00e4hrleisten, dass die personenbezogenen Daten nicht einer identifizierten oder identifizierbaren nat\u00fcrlichen Person zugewiesen werden.<\/p>\n<p>g) Verantwortlicher oder f\u00fcr die Verarbeitung Verantwortlicher<br \/>\nVerantwortlicher oder f\u00fcr die Verarbeitung Verantwortlicher ist die nat\u00fcrliche oder juristische Person, Beh\u00f6rde, Einrichtung oder andere Stelle, die allein oder gemeinsam mit anderen \u00fcber die Zwecke und Mittel der Verarbeitung von personenbezogenen Daten entscheidet. Sind die Zwecke und Mittel dieser Verarbeitung durch das Unionsrecht oder das Recht der Mitgliedstaaten vorgegeben, so kann der Verantwortliche beziehungsweise k\u00f6nnen die bestimmten Kriterien seiner Benennung nach dem Unionsrecht oder dem Recht der Mitgliedstaaten vorgesehen werden.<\/p>\n<p>h) Auftragsverarbeiter<br \/>\nAuftragsverarbeiter ist eine nat\u00fcrliche oder juristische Person, Beh\u00f6rde, Einrichtung oder andere Stelle, die personenbezogene Daten im Auftrag des Verantwortlichen verarbeitet.<\/p>\n<p>i) Empf\u00e4nger<br \/>\nEmpf\u00e4nger ist eine nat\u00fcrliche oder juristische Person, Beh\u00f6rde, Einrichtung oder andere Stelle, der personenbezogene Daten offengelegt werden, unabh\u00e4ngig davon, ob es sich bei ihr um einen Dritten handelt oder nicht. Beh\u00f6rden, die im Rahmen eines bestimmten Untersuchungsauftrags nach dem Unionsrecht oder dem Recht der Mitgliedstaaten m\u00f6glicherweise personenbezogene Daten erhalten, gelten jedoch nicht als Empf\u00e4nger.<\/p>\n<p>j) Dritter<br \/>\nDritter ist eine nat\u00fcrliche oder juristische Person, Beh\u00f6rde, Einrichtung oder andere Stelle au\u00dfer der betroffenen Person, dem Verantwortlichen, dem Auftragsverarbeiter und den Personen, die unter der unmittelbaren Verantwortung des Verantwortlichen oder des Auftragsverarbeiters befugt sind, die personenbezogenen Daten zu verarbeiten.<\/p>\n<p>k) Einwilligung<br \/>\nEinwilligung ist jede von der betroffenen Person freiwillig f\u00fcr den bestimmten Fall in informierter Weise und unmissverst\u00e4ndlich abgegebene Willensbekundung in Form einer Erkl\u00e4rung oder einer sonstigen eindeutigen best\u00e4tigenden Handlung, mit der die betroffene Person zu verstehen gibt, dass sie mit der Verarbeitung der sie betreffenden personenbezogenen Daten einverstanden ist.<\/p>\n<ol class=\"wp-block-list\" start=\"2\">\n<li><strong>Name und Anschrift des f\u00fcr die Verarbeitung Verantwortlichen<\/strong><\/li>\n<\/ol>\n<p>erantwortlicher im Sinne der Datenschutz-Grundverordnung, sonstiger in den Mitgliedstaaten der Europ\u00e4ischen Union geltenden Datenschutzgesetze und anderer Bestimmungen mit datenschutzrechtlichem Charakter ist:<\/p>\n<p>Birgit Fiedler<br \/>\nLahnweg 27<br \/>\n34131 Kassel<br \/>\nTel. 0561 7392347<\/p>\n<p>info.bfiedler@gmail.com<br \/>\nkoerperpsychotherapie-kassel.de<br \/>\nmeine-heldenreisen-selbsterfahrung.de<br \/>\ncoachlifework-mindful.de<\/p>\n<ol class=\"wp-block-list\" start=\"3\">\n<li><strong>Erfassung von allgemeinen Daten und Informationen<\/strong><\/li>\n<\/ol>\n<p>Die Internetseite erfasst mit jedem Aufruf der Internetseite durch eine betroffene Person oder ein automatisiertes System eine Reihe von allgemeinen Daten und Informationen. Diese allgemeinen Daten und Informationen werden in den Logfiles des Servers gespeichert. Erfasst werden k\u00f6nnen die (1) verwendeten Browsertypen und Versionen, (2) das vom zugreifenden System verwendete Betriebssystem, (3) die Internetseite, von welcher ein zugreifendes System auf unsere Internetseite gelangt (sogenannte Referrer), (4) die Unterwebseiten, welche \u00fcber ein zugreifendes System auf unserer Internetseite angesteuert werden, (5) das Datum und die Uhrzeit eines Zugriffs auf die Internetseite, (6) eine Internet-Protokoll-Adresse (IP-Adresse), (7) der Internet-Service-Provider des zugreifenden Systems und (8) sonstige \u00e4hnliche Daten und Informationen, die der Gefahrenabwehr im Falle von Angriffen auf unsere informationstechnologischen Systeme dienen.<\/p>\n<p>Bei der Nutzung dieser allgemeinen Daten und Informationen ziehe ich keine R\u00fcckschl\u00fcsse auf die betroffene Person. Diese Informationen werden vielmehr ben\u00f6tigt, um (1) die Inhalte meiner Internetseite korrekt auszuliefern, (2) die Inhalte meiner Internetseite sowie die Werbung f\u00fcr diese zu optimieren, (3) die dauerhafte Funktionsf\u00e4higkeit meiner informationstechnologischen Systeme und der Technik meiner Internetseite zu gew\u00e4hrleisten sowie (4) um Strafverfolgungsbeh\u00f6rden im Falle eines Cyberangriffes die zur Strafverfolgung notwendigen Informationen bereitzustellen. Diese anonym erhobenen Daten und Informationen werden durch mich daher einerseits statistisch und ferner mit dem Ziel ausgewertet, den Datenschutz und die Datensicherheit in meinem Unternehmen zu erh\u00f6hen, um letztlich ein optimales Schutzniveau f\u00fcr die von mir verarbeiteten personenbezogenen Daten sicherzustellen. Die anonymen Daten der Server-Logfiles werden getrennt von allen durch eine betroffene Person angegebenen personenbezogenen Daten gespeichert.<\/p>\n<ol class=\"wp-block-list\" start=\"4\">\n<li><strong>Registrierung auf unserer Internetseite<\/strong><\/li>\n<\/ol>\n<p>Die betroffene Person hat die M\u00f6glichkeit, sich auf der Internetseite des Verantwortlichen unter Angabe von personenbezogenen Daten zu registrieren. Welche personenbezogenen Daten dabei an den Verantwortlichen \u00fcbermittelt werden, ergibt sich aus der jeweiligen Eingabemaske, die f\u00fcr die Registrierung verwendet wird. Die von der betroffenen Person eingegebenen personenbezogenen Daten werden ausschlie\u00dflich f\u00fcr die interne Verwendung bei dem Verantwortlichen und f\u00fcr eigene Zwecke erhoben und gespeichert. Ich kann die Weitergabe an einen oder mehrere Auftragsverarbeiter, beispielsweise einen Paketdienstleister, veranlassen, der die personenbezogenen Daten ebenfalls ausschlie\u00dflich f\u00fcr eine interne Verwendung, die mir zuzurechnen ist, nutzt.<\/p>\n<p>Durch eine Registrierung auf der Internetseite des Verantwortlichen wird ferner die vom Internet-Service-Provider (ISP) der betroffenen Person vergebene IP-Adresse, das Datum sowie die Uhrzeit der Registrierung gespeichert. Die Speicherung dieser Daten erfolgt vor dem Hintergrund, dass nur so der Missbrauch meiner Dienste verhindert werden kann, und diese Daten im Bedarfsfall erm\u00f6glichen, begangene Straftaten aufzukl\u00e4ren. Insofern ist die Speicherung dieser Daten zur Absicherung des Verantwortlichen erforderlich. Eine Weitergabe dieser Daten an Dritte erfolgt grunds\u00e4tzlich nicht, sofern keine gesetzliche Pflicht zur Weitergabe besteht oder die Weitergabe der Strafverfolgung dient.<\/p>\n<p>Die Registrierung der betroffenen Person unter freiwilliger Angabe personenbezogener Daten dient mir dazu, der betroffenen Person Inhalte oder Leistungen anzubieten, die aufgrund der Natur der Sache nur registrierten Benutzern angeboten werden k\u00f6nnen. Registrierten Personen steht die M\u00f6glichkeit frei, die bei der Registrierung angegebenen personenbezogenen Daten jederzeit abzu\u00e4ndern oder vollst\u00e4ndig aus dem Datenbestand des Verantwortlichen l\u00f6schen zu lassen.<\/p>\n<p>Ich erteile jeder betroffenen Person jederzeit auf Anfrage Auskunft dar\u00fcber, welche personenbezogenen Daten \u00fcber die betroffene Person gespeichert sind. Ferner berichtige oder l\u00f6sche ich personenbezogene Daten auf Wunsch oder Hinweis der betroffenen Person, soweit dem keine gesetzlichen Aufbewahrungspflichten entgegenstehen. Die Gesamtheit der Mitarbeiter des Verantwortlichen steht der betroffenen Person in diesem Zusammenhang als Ansprechpartner zur Verf\u00fcgung.<\/p>\n<ol class=\"wp-block-list\" start=\"5\">\n<li><strong>Kontaktm\u00f6glichkeit \u00fcber die Internetseite<\/strong><\/li>\n<\/ol>\n<p>Meine Internetseite enth\u00e4lt aufgrund von gesetzlichen Vorschriften Angaben, die eine schnelle elektronische Kontaktaufnahme zu meinem Unternehmen sowie eine unmittelbare Kommunikation mit mir erm\u00f6glichen, was ebenfalls eine allgemeine Adresse der sogenannten elektronischen Post (E-Mail-Adresse) umfasst. Sofern eine betroffene Person per E-Mail oder \u00fcber ein Kontaktformular den Kontakt mit dem Verantwortlichen aufnimmt, werden die von der betroffenen Person \u00fcbermittelten personenbezogenen Daten automatisch gespeichert. Solche auf freiwilliger Basis von einer betroffenen Person an den Verantwortlichen \u00fcbermittelten personenbezogenen Daten werden f\u00fcr Zwecke der Bearbeitung oder der Kontaktaufnahme zur betroffenen Person gespeichert. Es erfolgt keine Weitergabe dieser personenbezogenen Daten an Dritte.<\/p>\n<ol class=\"wp-block-list\" start=\"6\">\n<li><strong>Routinem\u00e4\u00dfige L\u00f6schung und Sperrung von personenbezogenen Daten<\/strong><\/li>\n<\/ol>\n<p>Ich verarbeite und speichere personenbezogene Daten der betroffenen Person nur f\u00fcr den Zeitraum, der zur Erreichung des Speicherungszwecks erforderlich ist oder sofern dies durch den Europ\u00e4ischen Richtlinien- und Verordnungsgeber oder einen anderen Gesetzgeber in Gesetzen oder Vorschriften, welchen ich unterliege, vorgesehen wurde.<\/p>\n<p>Entf\u00e4llt der Speicherungszweck oder l\u00e4uft eine vom Europ\u00e4ischen Richtlinien- und Verordnungsgeber oder einem anderen zust\u00e4ndigen Gesetzgeber vorgeschriebene Speicherfrist ab, werden die personenbezogenen Daten routinem\u00e4\u00dfig und entsprechend den gesetzlichen Vorschriften gesperrt oder gel\u00f6scht.<\/p>\n<ol class=\"wp-block-list\" start=\"7\">\n<li><strong>Rechte der betroffenen Person<\/strong><\/li>\n<\/ol>\n<p>a) Recht auf Best\u00e4tigung<br \/>\nJede betroffene Person hat das vom Europ\u00e4ischen Richtlinien- und Verordnungsgeber einger\u00e4umte Recht, von mir eine Best\u00e4tigung dar\u00fcber zu verlangen, ob sie betreffende personenbezogene Daten verarbeitet werden. M\u00f6chte eine betroffene Person dieses Best\u00e4tigungsrecht in Anspruch nehmen, kann sie sich hierzu jederzeit an mich wenden.<\/p>\n<p>b) Recht auf Auskunft<br \/>\nJede von der Verarbeitung personenbezogener Daten betroffene Person hat das vom Europ\u00e4ischen Richtlinien- und Verordnungsgeber gew\u00e4hrte Recht, jederzeit von dem f\u00fcr die Verarbeitung Verantwortlichen unentgeltliche Auskunft \u00fcber die zu seiner Person gespeicherten personenbezogenen Daten und eine Kopie dieser Auskunft zu erhalten. Ferner hat der Europ\u00e4ische Richtlinien- und Verordnungsgeber der betroffenen Person Auskunft \u00fcber folgende Informationen zugestanden:<\/p>\n<ul class=\"wp-block-list\">\n<li>die Verarbeitungszwecke<\/li>\n<li>die Kategorien personenbezogener Daten, die verarbeitet werden<\/li>\n<li>die Empf\u00e4nger oder Kategorien von Empf\u00e4ngern, gegen\u00fcber denen die personenbezogenen Daten offengelegt worden sind oder noch offengelegt werden, insbesondere bei Empf\u00e4ngern in Drittl\u00e4ndern oder bei internationalen Organisationen<\/li>\n<li>falls m\u00f6glich, die geplante Dauer, f\u00fcr die die personenbezogenen Daten gespeichert werden, oder, falls dies nicht m\u00f6glich ist, die Kriterien f\u00fcr die Festlegung dieser Dauer<\/li>\n<li>das Bestehen eines Rechts auf Berichtigung oder L\u00f6schung der sie betreffenden personenbezogenen Daten oder auf Einschr\u00e4nkung der Verarbeitung durch den Verantwortlichen oder eines Widerspruchsrechts gegen diese Verarbeitung<\/li>\n<li>das Bestehen eines Beschwerderechts bei einer Aufsichtsbeh\u00f6rde<\/li>\n<li>wenn die personenbezogenen Daten nicht bei der betroffenen Person erhoben werden: Alle verf\u00fcgbaren Informationen \u00fcber die Herkunft der Daten<\/li>\n<li>das Bestehen einer automatisierten Entscheidungsfindung einschlie\u00dflich Profiling gem\u00e4\u00df Artikel 22 Abs.1 und 4 DS-GVO und \u2014 zumindest in diesen F\u00e4llen \u2014 aussagekr\u00e4ftige Informationen \u00fcber die involvierte Logik sowie die Tragweite und die angestrebten Auswirkungen einer derartigen Verarbeitung f\u00fcr die betroffene Person<br \/>\nFerner steht der betroffenen Person ein Auskunftsrecht dar\u00fcber zu, ob personenbezogene Daten an ein Drittland oder an eine internationale Organisation \u00fcbermittelt wurden. Sofern dies der Fall ist, so steht der betroffenen Person im \u00dcbrigen das Recht zu, Auskunft \u00fcber die geeigneten Garantien im Zusammenhang mit der \u00dcbermittlung zu erhalten.<br \/>\nM\u00f6chte eine betroffene Person dieses Auskunftsrecht in Anspruch nehmen, kann sie sich hierzu jederzeit an mich wenden.<\/li>\n<\/ul>\n<p>c) Recht auf Berichtigung<br \/>\nJede betroffene Person hat das vom Europ\u00e4ischen Richtlinien- und Verordnungsgeber gew\u00e4hrte Recht, die unverz\u00fcgliche Berichtigung sie betreffender unrichtiger personenbezogener Daten zu verlangen. Ferner steht der betroffenen Person das Recht zu, unter Ber\u00fccksichtigung der Zwecke der Verarbeitung, die Vervollst\u00e4ndigung unvollst\u00e4ndiger personenbezogener Daten \u2014 auch mittels einer erg\u00e4nzenden Erkl\u00e4rung \u2014 zu verlangen. M\u00f6chte eine betroffene Person dieses Berichtigungsrecht in Anspruch nehmen, kann sie sich hierzu jederzeit an mich wenden.<\/p>\n<p>d) Recht auf L\u00f6schung (Recht auf Vergessen werden)<br \/>\nJede betroffene Person hat das vom Europ\u00e4ischen Richtlinien- und Verordnungsgeber gew\u00e4hrte Recht, von mir zu verlangen, dass die sie betreffenden personenbezogenen Daten unverz\u00fcglich gel\u00f6scht werden, sofern einer der folgenden Gr\u00fcnde zutrifft und soweit die Verarbeitung nicht erforderlich ist: Die personenbezogenen Daten wurden f\u00fcr solche Zwecke erhoben oder auf sonstige Weise verarbeitet, f\u00fcr welche sie nicht mehr notwendig sind. Die betroffene Person widerruft ihre Einwilligung, auf die sich die Verarbeitung st\u00fctzte, und es fehlt an einer anderweitigen Rechtsgrundlage f\u00fcr die Verarbeitung. Die betroffene Person legt gem\u00e4\u00df Art. 21 Abs. 1 DS-GVO Widerspruch gegen die Verarbeitung ein, und es liegen keine vorrangigen berechtigten Gr\u00fcnde f\u00fcr die Verarbeitung vor, oder die betroffene Person legt gem\u00e4\u00df Art. 21 Abs. 2 DS-GVO Widerspruch gegen die Verarbeitung ein. Die personenbezogenen Daten wurden unrechtm\u00e4\u00dfig verarbeitet. Die L\u00f6schung der personenbezogenen Daten ist zur Erf\u00fcllung einer rechtlichen Verpflichtung nach dem Unionsrecht oder dem Recht der Mitgliedstaaten erforderlich, dem ich unterliege. Die personenbezogenen Daten wurden in Bezug auf angebotene Dienste der Informationsgesellschaft gem\u00e4\u00df Art. 8 Abs. 1 DS-GVO erhoben. M\u00f6chte eine betroffene Person das Recht auf L\u00f6schung in Anspruch nehmen, kann sie sich hierzu jederzeit an mich wenden.<\/p>\n<p>e) Recht auf Einschr\u00e4nkung der Verarbeitung<br \/>\nJede betroffene Person hat das vom Europ\u00e4ischen Richtlinien- und Verordnungsgeber gew\u00e4hrte Recht, von mir die Einschr\u00e4nkung der Verarbeitung zu verlangen, wenn eine der folgenden Voraussetzungen gegeben ist: Die Richtigkeit der personenbezogenen Daten wird von der betroffenen Person bestritten, f\u00fcr eine Dauer, die es mir erm\u00f6glicht, die Richtigkeit der personenbezogenen Daten zu \u00fcberpr\u00fcfen. Die Verarbeitung ist unrechtm\u00e4\u00dfig, die betroffene Person lehnt die L\u00f6schung der personenbezogenen Daten ab und verlangt stattdessen die Einschr\u00e4nkung der Nutzung der personenbezogenen Daten. Ich ben\u00f6tige die personenbezogenen Daten f\u00fcr die Zwecke der Verarbeitung nicht l\u00e4nger, die betroffene Person ben\u00f6tigt sie jedoch zur Geltendmachung, Aus\u00fcbung oder Verteidigung von Rechtsanspr\u00fcchen. Die betroffene Person hat Widerspruch gegen die Verarbeitung gem. Art. 21 Abs. 1 DS-GVO eingelegt und es steht noch nicht fest, ob die berechtigten Gr\u00fcnde meinerseits gegen\u00fcber denen der betroffenen Person \u00fcberwiegen. M\u00f6chte eine betroffene Person dieses Recht auf Einschr\u00e4nkung der Verarbeitung in Anspruch nehmen, kann sie sich hierzu jederzeit an mich wenden.<\/p>\n<p>f) Recht auf Daten\u00fcbertragbarkeit<br \/>\nJede betroffene Person hat das vom Europ\u00e4ischen Richtlinien- und Verordnungsgeber gew\u00e4hrte Recht, die sie betreffenden personenbezogenen Daten, die sie mir bereitgestellt hat, in einem strukturierten, g\u00e4ngigen und maschinenlesbaren Format zu erhalten. Sie hat au\u00dferdem das Recht, diese Daten einem anderen Verantwortlichen ohne Behinderung durch mich, dem die personenbezogenen Daten bereitgestellt wurden, zu \u00fcbermitteln, sofern die Verarbeitung auf der Einwilligung gem\u00e4\u00df Art. 6 Abs. 1 Buchstabe a DS-GVO oder Art. 9 Abs. 2 Buchstabe a DS-GVO oder auf einem Vertrag gem\u00e4\u00df Art. 6 Abs. 1 Buchstabe b DS-GVO beruht und die Verarbeitung mithilfe automatisierter Verfahren erfolgt, sofern die Verarbeitung nicht f\u00fcr die Wahrnehmung einer Aufgabe erforderlich ist, die im \u00f6ffentlichen Interesse liegt oder in Aus\u00fcbung \u00f6ffentlicher Gewalt erfolgt, die mir \u00fcbertragen wurde. Ferner hat die betroffene Person bei der Aus\u00fcbung ihres Rechts auf Daten\u00fcbertragbarkeit gem\u00e4\u00df Art. 20 Abs. 1 DS-GVO das Recht zu erwirken, dass die personenbezogenen Daten direkt von einem Verantwortlichen an einen anderen Verantwortlichen \u00fcbermittelt werden, soweit dies technisch machbar ist und sofern hiervon nicht die Rechte und Freiheiten anderer Personen beeintr\u00e4chtigt werden. Zur Geltendmachung des Rechts auf Daten\u00fcbertragbarkeit kann sich die betroffene Person jederzeit an mich wenden.<\/p>\n<p>g) Recht auf Widerspruch<br \/>\nJede betroffene Person hat das vom Europ\u00e4ischen Richtlinien- und Verordnungsgeber gew\u00e4hrte Recht, aus Gr\u00fcnden, die sich aus ihrer besonderen Situation ergeben, jederzeit gegen die Verarbeitung sie betreffender personenbezogener Daten, die aufgrund von Art. 6 Abs. 1 Buchstaben e oder f DS-GVO erfolgt, Widerspruch einzulegen. Dies gilt auch f\u00fcr ein auf diese Bestimmungen gest\u00fctztes Profiling. Ich verarbeite die personenbezogenen Daten im Falle des Widerspruchs nicht mehr, es sei denn, ich kann zwingende schutzw\u00fcrdige Gr\u00fcnde f\u00fcr die Verarbeitung nachweisen, die den Interessen, Rechten und Freiheiten der betroffenen Person \u00fcberwiegen, oder die Verarbeitung dient der Geltendmachung, Aus\u00fcbung oder Verteidigung von Rechtsanspr\u00fcchen. Verarbeite ich personenbezogene Daten, um Direktwerbung zu betreiben, so hat die betroffene Person das Recht, jederzeit Widerspruch gegen die Verarbeitung der personenbezogenen Daten zum Zwecke derartiger Werbung einzulegen. Dies gilt auch f\u00fcr das Profiling, soweit es mit solcher Direktwerbung in Verbindung steht. Widerspricht die betroffene Person der Verarbeitung f\u00fcr Zwecke der Direktwerbung, so werde ich die personenbezogenen Daten nicht mehr f\u00fcr diese Zwecke verarbeiten. Zudem hat die betroffene Person das Recht, aus Gr\u00fcnden, die sich aus ihrer besonderen Situation ergeben, gegen die sie betreffende Verarbeitung personenbezogener Daten, die ich zu wissenschaftlichen oder historischen Forschungszwecken oder zu statistischen Zwecken gem\u00e4\u00df Art. 89 Abs. 1 DS-GVO vornehme, Widerspruch einzulegen, es sei denn, eine solche Verarbeitung ist zur Erf\u00fcllung einer im \u00f6ffentlichen Interesse liegenden Aufgabe erforderlich. Zur Aus\u00fcbung des Rechts auf Widerspruch kann sich die betroffene Person direkt an mich wenden. Der betroffenen Person steht es ferner frei, im Zusammenhang mit der Nutzung von Diensten der Informationsgesellschaft, ungeachtet der Richtlinie 2002\/58\/EG, ihr Widerspruchsrecht mittels automatisierter Verfahren auszu\u00fcben, bei denen technische Spezifikationen verwendet werden.<\/p>\n<p>h) Automatisierte Entscheidungen im Einzelfall einschlie\u00dflich Profiling<br \/>\nJede betroffene Person hat das vom Europ\u00e4ischen Richtlinien- und Verordnungsgeber gew\u00e4hrte Recht, nicht einer ausschlie\u00dflich auf einer automatisierten Verarbeitung \u2014 einschlie\u00dflich Profiling \u2014 beruhenden Entscheidung unterworfen zu werden, die ihr gegen\u00fcber rechtliche Wirkung entfaltet oder sie in \u00e4hnlicher Weise erheblich beeintr\u00e4chtigt, sofern die Entscheidung (1) nicht f\u00fcr den Abschluss oder die Erf\u00fcllung eines Vertrags zwischen der betroffenen Person und mir erforderlich ist, oder (2) aufgrund von Rechtsvorschriften der Union oder der Mitgliedstaaten, denen ich unterliege, zul\u00e4ssig ist und diese Rechtsvorschriften angemessene Ma\u00dfnahmen zur Wahrung der Rechte und Freiheiten sowie der berechtigten Interessen der betroffenen Person enthalten oder (3) mit ausdr\u00fccklicher Einwilligung der betroffenen Person erfolgt. Ist die Entscheidung (1) f\u00fcr den Abschluss oder die Erf\u00fcllung eines Vertrags zwischen der betroffenen Person und mir erforderlich oder (2) erfolgt sie mit ausdr\u00fccklicher Einwilligung der betroffenen Person, treffe ich angemessene Ma\u00dfnahmen, um die Rechte und Freiheiten sowie die berechtigten Interessen der betroffenen Person zu wahren, wozu mindestens das Recht auf Erwirkung des Eingreifens einer Person von meiner Seite, auf Darlegung des eigenen Standpunkts und auf Anfechtung der Entscheidung geh\u00f6rt. M\u00f6chte die betroffene Person Rechte mit Bezug auf automatisierte Entscheidungen geltend machen, kann sie sich hierzu jederzeit an mich wenden.<\/p>\n<p>i) Recht auf Widerruf einer datenschutzrechtlichen Einwilligung<br \/>\nJede betroffene Person hat das vom Europ\u00e4ischen Richtlinien- und Verordnungsgeber gew\u00e4hrte Recht, eine Einwilligung zur Verarbeitung personenbezogener Daten jederzeit zu widerrufen. M\u00f6chte die betroffene Person ihr Recht auf Widerruf einer Einwilligung geltend machen, kann sie sich hierzu jederzeit an mich wenden.<\/p>\n<ol class=\"wp-block-list\" start=\"8\">\n<li><strong>Rechtsgrundlage der Verarbeitung<\/strong><\/li>\n<\/ol>\n<p>Art. 6 I lit. a DS-GVO dient mir als Rechtsgrundlage f\u00fcr Verarbeitungsvorg\u00e4nge, bei denen ich eine Einwilligung f\u00fcr einen bestimmten Verarbeitungszweck einhole. Ist die Verarbeitung personenbezogener Daten zur Erf\u00fcllung eines Vertrags, dessen Vertragspartei die betroffene Person ist, erforderlich, wie dies beispielsweise bei Verarbeitungsvorg\u00e4ngen der Fall ist, die f\u00fcr eine Lieferung von Waren oder die Erbringung einer sonstigen Leistung oder Gegenleistung notwendig sind, so beruht die Verarbeitung auf Art. 6 I lit. b DS-GVO. Gleiches gilt f\u00fcr solche Verarbeitungsvorg\u00e4nge die zur Durchf\u00fchrung vorvertraglicher Ma\u00dfnahmen erforderlich sind, etwa in F\u00e4llen von Anfragen zu meinen Produkten oder Leistungen. Unterliege ich einer rechtlichen Verpflichtung durch welche eine Verarbeitung von personenbezogenen Daten erforderlich wird, wie beispielsweise zur Erf\u00fcllung steuerlicher Pflichten, so basiert die Verarbeitung auf Art. 6 I lit. c DS-GVO. In seltenen F\u00e4llen k\u00f6nnte die Verarbeitung von personenbezogenen Daten erforderlich werden, um lebenswichtige Interessen der betroffenen Person oder einer anderen nat\u00fcrlichen Person zu sch\u00fctzen. Dies w\u00e4re beispielsweise der Fall, wenn ein Besucher in meinem Betrieb verletzt werden w\u00fcrde und daraufhin sein Name, sein Alter, seine Krankenkassendaten oder sonstige lebenswichtige Informationen an einen Arzt, ein Krankenhaus oder sonstige Dritte weitergegeben werden m\u00fcssten. Dann w\u00fcrde die Verarbeitung auf Art. 6 I lit. d DS-GVO beruhen. Letztlich k\u00f6nnten Verarbeitungsvorg\u00e4nge auf Art. 6 I lit. f DS-GVO beruhen. Auf dieser Rechtsgrundlage basieren Verarbeitungsvorg\u00e4nge, die von keiner der vorgenannten Rechtsgrundlagen erfasst werden, wenn die Verarbeitung zur Wahrung eines berechtigten Interesses meines Unternehmens oder eines Dritten erforderlich ist, sofern die Interessen, Grundrechte und Grundfreiheiten des Betroffenen nicht \u00fcberwiegen. Solche Verarbeitungsvorg\u00e4nge sind mir insbesondere deshalb gestattet, weil sie durch den Europ\u00e4ischen Gesetzgeber besonders erw\u00e4hnt wurden. Er vertrat insoweit die Auffassung, dass ein berechtigtes Interesse anzunehmen sein k\u00f6nnte, wenn die betroffene Person ein Kunde des Verantwortlichen ist (Erw\u00e4gungsgrund 47 Satz 2 DS-GVO).<\/p>\n<ol class=\"wp-block-list\" start=\"9\">\n<li><strong>Berechtigte Interessen an der Verarbeitung, die von dem Verantwortlichen oder einem Dritten verfolgt werden<\/strong><\/li>\n<\/ol>\n<p>Basiert die Verarbeitung personenbezogener Daten auf Artikel 6 I lit. f DS-GVO ist mein berechtigtes Interesse die Durchf\u00fchrung meiner Gesch\u00e4ftst\u00e4tigkeit zugunsten des Wohlergehens all meiner Mitarbeiter und meiner Anteilseigner.<\/p>\n<ol class=\"wp-block-list\" start=\"10\">\n<li><strong>Dauer, f\u00fcr die die personenbezogenen Daten gespeichert werden<\/strong><\/li>\n<\/ol>\n<p>Das Kriterium f\u00fcr die Dauer der Speicherung von personenbezogenen Daten ist die jeweilige gesetzliche Aufbewahrungsfrist. Nach Ablauf der Frist werden die entsprechenden Daten routinem\u00e4\u00dfig gel\u00f6scht, sofern sie nicht mehr zur Vertragserf\u00fcllung oder Vertragsanbahnung erforderlich sind.<\/p>\n<ol class=\"wp-block-list\" start=\"11\">\n<li><strong>Gesetzliche oder vertragliche Vorschriften zur Bereitstellung der personenbezogenen Daten; Erforderlichkeit f\u00fcr den Vertragsabschluss; Verpflichtung der betroffenen Person, die personenbezogenen Daten bereitzustellen; m\u00f6gliche Folgen der Nichtbereitstellung<\/strong><\/li>\n<\/ol>\n<p>Ich kl\u00e4re Sie dar\u00fcber auf, dass die Bereitstellung personenbezogener Daten zum Teil gesetzlich vorgeschrieben ist (z.B. Steuervorschriften) oder sich auch aus vertraglichen Regelungen (z.B. Angaben zum Vertragspartner) ergeben kann. Mitunter kann es zu einem Vertragsschluss erforderlich sein, dass eine betroffene Person mir personenbezogene Daten zur Verf\u00fcgung stellt, die in der Folge durch mich verarbeitet werden m\u00fcssen. Die betroffene Person ist beispielsweise verpflichtet mir personenbezogene Daten bereitzustellen, wenn mein Unternehmen mit ihr einen Vertrag abschlie\u00dft. Eine Nichtbereitstellung der personenbezogenen Daten h\u00e4tte zur Folge, dass der Vertrag mit dem Betroffenen nicht geschlossen werden k\u00f6nnte. Vor einer Bereitstellung personenbezogener Daten durch den Betroffenen muss sich der Betroffene an einen meiner Mitarbeiter wenden. Mein Mitarbeiter kl\u00e4rt den Betroffenen einzelfallbezogen dar\u00fcber auf, ob die Bereitstellung der personenbezogenen Daten gesetzlich oder vertraglich vorgeschrieben oder f\u00fcr den Vertragsabschluss erforderlich ist, ob eine Verpflichtung besteht, die personenbezogenen Daten bereitzustellen, und welche Folgen die Nichtbereitstellung der personenbezogenen Daten h\u00e4tte.<\/p>\n<ol class=\"wp-block-list\" start=\"12\">\n<li><strong>Therapeutische Leistungen und Coaching<\/strong><\/li>\n<\/ol>\n<p>Ich verarbeite die Daten meiner Klienten und Interessenten und anderer Auftraggeber oder Vertragspartner (einheitlich bezeichnet als \u201eKlienten\u201c) entsprechend Art. 6 Abs. 1 lit. b) DSGVO, um ihnen gegen\u00fcber meine vertraglichen oder vorvertraglichen Leistungen zu erbringen. Die hierbei verarbeiteten Daten, die Art, der Umfang und der Zweck und die Erforderlichkeit ihrer Verarbeitung, bestimmen sich nach dem zugrundeliegenden Vertragsverh\u00e4ltnis. Zu den verarbeiteten Daten geh\u00f6ren grunds\u00e4tzlich Bestands- und Stammdaten der Klienten (z.B., Name, Adresse, etc.), als auch die Kontaktdaten (z.B., E-Mailadresse, Telefon, etc.), die Vertragsdaten (z.B., in Anspruch genommene Leistungen, Honorare, Namen von Kontaktpersonen, etc.) und Zahlungsdaten (z.B., Bankverbindung, Zahlungshistorie, etc.).<br \/>\nIm Rahmen meiner Leistungen, k\u00f6nnen wir ferner besondere Kategorien von Daten gem. Art. 9 Abs. 1 DSGVO, insbesondere Angaben zur Gesundheit der Klienten, ggf. mit Bezug zu deren Sexualleben oder der sexuellen Orientierung, ethnischer Herkunft oder religi\u00f6sen oder weltanschaulichen \u00dcberzeugungen, verarbeiten. Hierzu hole ich, sofern erforderlich, gem. Art. 6 Abs. 1 lit. a., Art. 7, Art. 9 Abs. 2 lit. a. DSGVO eine ausdr\u00fcckliche Einwilligung der Klienten ein und verarbeite die besonderen Kategorien von Daten ansonsten zu Zwecken der Gesundheitsvorsorge auf Grundlage des Art. 9 Abs. 2 lit h. DSGVO, \u00a7 22 Abs. 1 Nr. 1 b. BDSG.<br \/>\nSofern f\u00fcr die Vertragserf\u00fcllung oder gesetzlich erforderlich, offenbare oder \u00fcbermittle ich die Daten der Klienten im Rahmen der Kommunikation mit anderen Fachkr\u00e4ften, an der Vertragserf\u00fcllung erforderlicherweise oder typischerweise beteiligten Dritten, wie z.B. Abrechnungsstellen oder vergleichbare Dienstleister, sofern dies der Erbringung meiner Leistungen gem. Art. 6 Abs. 1 lit b. DSGVO dient, gesetzlich gem. Art. 6 Abs. 1 lit c. DSGVO vorgeschrieben ist, meinen Interessen oder denen der Klienten an einer effizienten und kosteng\u00fcnstigen Gesundheitsversorgung als berechtigtes Interesse gem. Art. 6 Abs. 1 lit f. DSGVO dient oder gem. Art. 6 Abs. 1 lit d. DSGVO notwendig ist, um lebenswichtige Interessen der Klienten oder einer anderen nat\u00fcrlichen Person zu sch\u00fctzen oder im Rahmen einer Einwilligung gem. Art. 6 Abs. 1 lit. a., Art. 7 DSGVO.<br \/>\nDie L\u00f6schung der Daten erfolgt, wenn die Daten zur Erf\u00fcllung vertraglicher oder gesetzlicher F\u00fcrsorgepflichten sowie Umgang mit etwaigen Gew\u00e4hrleistungs- und vergleichbaren Pflichten nicht mehr erforderlich ist, wobei die Erforderlichkeit der Aufbewahrung der Daten alle drei Jahre \u00fcberpr\u00fcft wird; im \u00dcbrigen gelten die gesetzlichen Aufbewahrungspflichten.<\/p>\n<ol class=\"wp-block-list\" start=\"13\">\n<li><strong>Bestehen einer automatisierten Entscheidungsfindung<\/strong><\/li>\n<\/ol>\n<p>Ich verzichte auf eine automatische Entscheidungsfindung oder ein Profiling.<\/p>\n<\/div><\/section>\n","protected":false},"excerpt":{"rendered":"","protected":false},"author":1,"featured_media":0,"parent":0,"menu_order":0,"comment_status":"closed","ping_status":"open","template":"","meta":{"footnotes":""},"class_list":["post-3","page","type-page","status-publish","hentry"],"aioseo_notices":[],"_links":{"self":[{"href":"https:\/\/meine-heldenreisen-selbsterfahrung.de\/index.php?rest_route=\/wp\/v2\/pages\/3","targetHints":{"allow":["GET"]}}],"collection":[{"href":"https:\/\/meine-heldenreisen-selbsterfahrung.de\/index.php?rest_route=\/wp\/v2\/pages"}],"about":[{"href":"https:\/\/meine-heldenreisen-selbsterfahrung.de\/index.php?rest_route=\/wp\/v2\/types\/page"}],"author":[{"embeddable":true,"href":"https:\/\/meine-heldenreisen-selbsterfahrung.de\/index.php?rest_route=\/wp\/v2\/users\/1"}],"replies":[{"embeddable":true,"href":"https:\/\/meine-heldenreisen-selbsterfahrung.de\/index.php?rest_route=%2Fwp%2Fv2%2Fcomments&post=3"}],"version-history":[{"count":3,"href":"https:\/\/meine-heldenreisen-selbsterfahrung.de\/index.php?rest_route=\/wp\/v2\/pages\/3\/revisions"}],"predecessor-version":[{"id":1601,"href":"https:\/\/meine-heldenreisen-selbsterfahrung.de\/index.php?rest_route=\/wp\/v2\/pages\/3\/revisions\/1601"}],"wp:attachment":[{"href":"https:\/\/meine-heldenreisen-selbsterfahrung.de\/index.php?rest_route=%2Fwp%2Fv2%2Fmedia&parent=3"}],"curies":[{"name":"wp","href":"https:\/\/api.w.org\/{rel}","templated":true}]}}